{"id":286,"date":"2019-05-04T20:32:16","date_gmt":"2019-05-04T18:32:16","guid":{"rendered":"https:\/\/www.fischereiverein-muehlhausen.de\/?page_id=286"},"modified":"2026-03-16T20:07:12","modified_gmt":"2026-03-16T19:07:12","slug":"elementor-286","status":"publish","type":"page","link":"https:\/\/www.fischereiverein-muehlhausen.de\/","title":{"rendered":"News"},"content":{"rendered":"\t\t<div data-elementor-type=\"wp-post\" data-elementor-id=\"286\" class=\"elementor elementor-286\" data-elementor-post-type=\"page\">\n\t\t\t\t\t\t<section class=\"elementor-section elementor-top-section elementor-element elementor-element-bd9ad2b elementor-section-boxed elementor-section-height-default elementor-section-height-default\" data-id=\"bd9ad2b\" data-element_type=\"section\" data-e-type=\"section\">\n\t\t\t\t\t\t<div class=\"elementor-container elementor-column-gap-default\">\n\t\t\t\t\t<div class=\"elementor-column elementor-col-100 elementor-top-column elementor-element elementor-element-3c1996c\" data-id=\"3c1996c\" data-element_type=\"column\" data-e-type=\"column\">\n\t\t\t<div class=\"elementor-widget-wrap elementor-element-populated\">\n\t\t\t\t\t\t<div class=\"elementor-element elementor-element-149a432 animated-fast elementor-invisible elementor-widget elementor-widget-accordion\" data-id=\"149a432\" data-element_type=\"widget\" data-e-type=\"widget\" data-settings=\"{&quot;_animation&quot;:&quot;fadeIn&quot;}\" data-widget_type=\"accordion.default\">\n\t\t\t\t<div class=\"elementor-widget-container\">\n\t\t\t\t\t\t\t<div class=\"elementor-accordion\">\n\t\t\t\t\t\t\t<div class=\"elementor-accordion-item\">\n\t\t\t\t\t<h4 id=\"elementor-tab-title-2161\" class=\"elementor-tab-title\" data-tab=\"1\" role=\"button\" aria-controls=\"elementor-tab-content-2161\" aria-expanded=\"false\">\n\t\t\t\t\t\t\t\t\t\t\t\t\t<span class=\"elementor-accordion-icon elementor-accordion-icon-left\" aria-hidden=\"true\">\n\t\t\t\t\t\t\t\t\t\t\t\t\t\t\t<span class=\"elementor-accordion-icon-closed\"><i class=\"fas fa-plus\"><\/i><\/span>\n\t\t\t\t\t\t\t\t<span class=\"elementor-accordion-icon-opened\"><i class=\"fas fa-minus\"><\/i><\/span>\n\t\t\t\t\t\t\t\t\t\t\t\t\t\t<\/span>\n\t\t\t\t\t\t\t\t\t\t\t\t<a class=\"elementor-accordion-title\" tabindex=\"0\">Forellen und Saibling am 02.04.2026<\/a>\n\t\t\t\t\t<\/h4>\n\t\t\t\t\t<div id=\"elementor-tab-content-2161\" class=\"elementor-tab-content elementor-clearfix\" data-tab=\"1\" role=\"region\" aria-labelledby=\"elementor-tab-title-2161\"><div dir=\"auto\">Der Fischereiverein 1986 e.V. veranstaltet das Forellen und Saibling R\u00e4uchern am Donnerstag 02.04.2026 ab 17:00 Uhr am Vereinsheim M\u00fchlhausen.<\/div><div dir=\"auto\">Bestellungen k\u00f6nnen auch \u00fcber das <a href=\"https:\/\/www.fischereiverein-muehlhausen.de\/?page_id=53\">Kontaktformular<\/a> aufgegeben werden.<\/div><div dir=\"auto\">Zu den Fischen gibt es wie immer Sahnemeerrettich, so lange der Vorrat reicht. Beh\u00e4lter bitte mitbringen, ansonsten gibt&#8217;s welche f\u00fcr kleines Geld.<\/div><div dir=\"auto\"><img fetchpriority=\"high\" decoding=\"async\" class=\"alignnone  wp-image-57736\" src=\"https:\/\/www.fischereiverein-muehlhausen.de\/wp-content\/uploads\/2026\/03\/Plakat_Forellenraeuchern2026_04_02-212x300.jpg\" alt=\"\" width=\"477\" height=\"676\" srcset=\"https:\/\/www.fischereiverein-muehlhausen.de\/wp-content\/uploads\/2026\/03\/Plakat_Forellenraeuchern2026_04_02-212x300.jpg 212w, https:\/\/www.fischereiverein-muehlhausen.de\/wp-content\/uploads\/2026\/03\/Plakat_Forellenraeuchern2026_04_02-724x1024.jpg 724w, https:\/\/www.fischereiverein-muehlhausen.de\/wp-content\/uploads\/2026\/03\/Plakat_Forellenraeuchern2026_04_02-768x1086.jpg 768w, https:\/\/www.fischereiverein-muehlhausen.de\/wp-content\/uploads\/2026\/03\/Plakat_Forellenraeuchern2026_04_02-1086x1536.jpg 1086w, https:\/\/www.fischereiverein-muehlhausen.de\/wp-content\/uploads\/2026\/03\/Plakat_Forellenraeuchern2026_04_02-1448x2048.jpg 1448w, https:\/\/www.fischereiverein-muehlhausen.de\/wp-content\/uploads\/2026\/03\/Plakat_Forellenraeuchern2026_04_02-scaled.jpg 1810w\" sizes=\"(max-width: 477px) 100vw, 477px\" \/><\/div><div dir=\"auto\">Um Vorbestellung bis zum 26.03.2026 wird gebeten.<\/div><div dir=\"auto\">Bei:<\/div><div dir=\"auto\">Werner Pickel 09548\/1216<\/div><div dir=\"auto\">Gerda Nitschke 09548\/1076<\/div><div dir=\"auto\">Auf Eure Reservierungen freut sich der Fischereiverein 1986 e.V. M\u00fchlhausen<\/div><\/div>\n\t\t\t\t<\/div>\n\t\t\t\t\t\t\t<div class=\"elementor-accordion-item\">\n\t\t\t\t\t<h4 id=\"elementor-tab-title-2162\" class=\"elementor-tab-title\" data-tab=\"2\" role=\"button\" aria-controls=\"elementor-tab-content-2162\" aria-expanded=\"false\">\n\t\t\t\t\t\t\t\t\t\t\t\t\t<span class=\"elementor-accordion-icon elementor-accordion-icon-left\" aria-hidden=\"true\">\n\t\t\t\t\t\t\t\t\t\t\t\t\t\t\t<span class=\"elementor-accordion-icon-closed\"><i class=\"fas fa-plus\"><\/i><\/span>\n\t\t\t\t\t\t\t\t<span class=\"elementor-accordion-icon-opened\"><i class=\"fas fa-minus\"><\/i><\/span>\n\t\t\t\t\t\t\t\t\t\t\t\t\t\t<\/span>\n\t\t\t\t\t\t\t\t\t\t\t\t<a class=\"elementor-accordion-title\" tabindex=\"0\">Forelle und Saiblinge am 03.10.2023<\/a>\n\t\t\t\t\t<\/h4>\n\t\t\t\t\t<div id=\"elementor-tab-content-2162\" class=\"elementor-tab-content elementor-clearfix\" data-tab=\"2\" role=\"region\" aria-labelledby=\"elementor-tab-title-2162\"><h4>Der Fischereiverein 1986 e.V. veranstaltet das Forellen und Saibling R\u00e4uchern am Vereinsheim M\u00fchlhausen.<\/h4><h4>Bestellungen k\u00f6nnen auch \u00fcber das <a href=\"https:\/\/www.fischereiverein-muehlhausen.de\/?page_id=53\">Kontaktformular<\/a> aufgegeben werden.<\/h4><p><img decoding=\"async\" class=\"\" src=\"https:\/\/www.fischereiverein-muehlhausen.de\/wp-content\/uploads\/2023\/09\/e7ecb2aa-e1ae-4ec0-a012-234fbaf79717.jpeg\" width=\"400\" height=\"600\" \/><\/p><h4>Auf Eure Reservierungen freut sich der Fischereiverein 1986 e.V. M\u00fchlhausen.<\/h4><\/div>\n\t\t\t\t<\/div>\n\t\t\t\t\t\t\t<div class=\"elementor-accordion-item\">\n\t\t\t\t\t<h4 id=\"elementor-tab-title-2163\" class=\"elementor-tab-title\" data-tab=\"3\" role=\"button\" aria-controls=\"elementor-tab-content-2163\" aria-expanded=\"false\">\n\t\t\t\t\t\t\t\t\t\t\t\t\t<span class=\"elementor-accordion-icon elementor-accordion-icon-left\" aria-hidden=\"true\">\n\t\t\t\t\t\t\t\t\t\t\t\t\t\t\t<span class=\"elementor-accordion-icon-closed\"><i class=\"fas fa-plus\"><\/i><\/span>\n\t\t\t\t\t\t\t\t<span class=\"elementor-accordion-icon-opened\"><i class=\"fas fa-minus\"><\/i><\/span>\n\t\t\t\t\t\t\t\t\t\t\t\t\t\t<\/span>\n\t\t\t\t\t\t\t\t\t\t\t\t<a class=\"elementor-accordion-title\" tabindex=\"0\">Frohe Weihnachten und besinnliche Feiertage<\/a>\n\t\t\t\t\t<\/h4>\n\t\t\t\t\t<div id=\"elementor-tab-content-2163\" class=\"elementor-tab-content elementor-clearfix\" data-tab=\"3\" role=\"region\" aria-labelledby=\"elementor-tab-title-2163\"><h4>Der Fischereiverein 1986 e.V. w\u00fcnscht Ihnen, Ihren Familien frohe Weihnachten und f\u00fcr das kommende Jahr 2023 viel Gesundheit, Gl\u00fcck und Erfolg!<\/h4><\/div>\n\t\t\t\t<\/div>\n\t\t\t\t\t\t\t<div class=\"elementor-accordion-item\">\n\t\t\t\t\t<h4 id=\"elementor-tab-title-2164\" class=\"elementor-tab-title\" data-tab=\"4\" role=\"button\" aria-controls=\"elementor-tab-content-2164\" aria-expanded=\"false\">\n\t\t\t\t\t\t\t\t\t\t\t\t\t<span class=\"elementor-accordion-icon elementor-accordion-icon-left\" aria-hidden=\"true\">\n\t\t\t\t\t\t\t\t\t\t\t\t\t\t\t<span class=\"elementor-accordion-icon-closed\"><i class=\"fas fa-plus\"><\/i><\/span>\n\t\t\t\t\t\t\t\t<span class=\"elementor-accordion-icon-opened\"><i class=\"fas fa-minus\"><\/i><\/span>\n\t\t\t\t\t\t\t\t\t\t\t\t\t\t<\/span>\n\t\t\t\t\t\t\t\t\t\t\t\t<a class=\"elementor-accordion-title\" tabindex=\"0\">Wintersonnwendfeuer !!! ABGESAGT !!!<\/a>\n\t\t\t\t\t<\/h4>\n\t\t\t\t\t<div id=\"elementor-tab-content-2164\" class=\"elementor-tab-content elementor-clearfix\" data-tab=\"4\" role=\"region\" aria-labelledby=\"elementor-tab-title-2164\"><h4>Das geplante Wintersonnwendfeuer des Fischereiverein 1986 e.V. muss heuer leider ausfallen.<\/h4><p><img decoding=\"async\" class=\"\" src=\"https:\/\/www.fischereiverein-muehlhausen.de\/wp-content\/uploads\/2022\/12\/Screenshot_20221212_174329_com.whatsapp-e1670874047632-1024x536.jpg\" width=\"466\" height=\"244\" \/><\/p><\/div>\n\t\t\t\t<\/div>\n\t\t\t\t\t\t\t<div class=\"elementor-accordion-item\">\n\t\t\t\t\t<h4 id=\"elementor-tab-title-2165\" class=\"elementor-tab-title\" data-tab=\"5\" role=\"button\" aria-controls=\"elementor-tab-content-2165\" aria-expanded=\"false\">\n\t\t\t\t\t\t\t\t\t\t\t\t\t<span class=\"elementor-accordion-icon elementor-accordion-icon-left\" aria-hidden=\"true\">\n\t\t\t\t\t\t\t\t\t\t\t\t\t\t\t<span class=\"elementor-accordion-icon-closed\"><i class=\"fas fa-plus\"><\/i><\/span>\n\t\t\t\t\t\t\t\t<span class=\"elementor-accordion-icon-opened\"><i class=\"fas fa-minus\"><\/i><\/span>\n\t\t\t\t\t\t\t\t\t\t\t\t\t\t<\/span>\n\t\t\t\t\t\t\t\t\t\t\t\t<a class=\"elementor-accordion-title\" tabindex=\"0\">13. Schaeffler - Hegefischen<\/a>\n\t\t\t\t\t<\/h4>\n\t\t\t\t\t<div id=\"elementor-tab-content-2165\" class=\"elementor-tab-content elementor-clearfix\" data-tab=\"5\" role=\"region\" aria-labelledby=\"elementor-tab-title-2165\"><p><img loading=\"lazy\" decoding=\"async\" class=\"alignleft\" src=\"https:\/\/www.fischereiverein-muehlhausen.de\/wp-content\/uploads\/2022\/07\/Programm_2022-1-724x1024.png\" width=\"453\" height=\"641\" \/><\/p><h4>\u00a0<\/h4><h4>96172 M\u00fchlhausen Dr.-Pfannenm\u00fcller-Stra\u00dfe 2 liegt ca. 2 km neben der A3 zwischen N\u00fcrnberg und W\u00fcrzburg.<br \/><strong>Ausfahrt H\u00f6chstadt Nord<\/strong><br \/>M\u00fchlhausen ist ab der Autobahnausfahrt beschildert. Die Stra\u00dfe, auf welcher Sie von der Autobahn abfahren, f\u00fchrt direkt an das Vereinsheim des Fischereiverein 1986 e.V. M\u00fchlhausen.<\/h4><h4>\u00a0<\/h4><h5><strong>Auf euer kommen freut sich der Fischereiverein M\u00fchlhausen.<\/strong><\/h5><\/div>\n\t\t\t\t<\/div>\n\t\t\t\t\t\t\t<div class=\"elementor-accordion-item\">\n\t\t\t\t\t<h4 id=\"elementor-tab-title-2166\" class=\"elementor-tab-title\" data-tab=\"6\" role=\"button\" aria-controls=\"elementor-tab-content-2166\" aria-expanded=\"false\">\n\t\t\t\t\t\t\t\t\t\t\t\t\t<span class=\"elementor-accordion-icon elementor-accordion-icon-left\" aria-hidden=\"true\">\n\t\t\t\t\t\t\t\t\t\t\t\t\t\t\t<span class=\"elementor-accordion-icon-closed\"><i class=\"fas fa-plus\"><\/i><\/span>\n\t\t\t\t\t\t\t\t<span class=\"elementor-accordion-icon-opened\"><i class=\"fas fa-minus\"><\/i><\/span>\n\t\t\t\t\t\t\t\t\t\t\t\t\t\t<\/span>\n\t\t\t\t\t\t\t\t\t\t\t\t<a class=\"elementor-accordion-title\" tabindex=\"0\">Frohe Weihnachten<\/a>\n\t\t\t\t\t<\/h4>\n\t\t\t\t\t<div id=\"elementor-tab-content-2166\" class=\"elementor-tab-content elementor-clearfix\" data-tab=\"6\" role=\"region\" aria-labelledby=\"elementor-tab-title-2166\"><h4>ein Jahr hat gerade begonnen und schon ist es wieder zu Ende.<\/h4><h4>F\u00fcr das bevorstehende Weihnachtsfest in diesen besonderen Zeiten w\u00fcnscht der Fischereiverein 1986 e.V. Ihnen und Ihren Angeh\u00f6rigen erholsame und besinnliche Feiertage!<\/h4><h4>Wir w\u00fcnschen ein gesundes und erfolgreiches neues Jahr 2022!<\/h4><\/div>\n\t\t\t\t<\/div>\n\t\t\t\t\t\t\t<div class=\"elementor-accordion-item\">\n\t\t\t\t\t<h4 id=\"elementor-tab-title-2167\" class=\"elementor-tab-title\" data-tab=\"7\" role=\"button\" aria-controls=\"elementor-tab-content-2167\" aria-expanded=\"false\">\n\t\t\t\t\t\t\t\t\t\t\t\t\t<span class=\"elementor-accordion-icon elementor-accordion-icon-left\" aria-hidden=\"true\">\n\t\t\t\t\t\t\t\t\t\t\t\t\t\t\t<span class=\"elementor-accordion-icon-closed\"><i class=\"fas fa-plus\"><\/i><\/span>\n\t\t\t\t\t\t\t\t<span class=\"elementor-accordion-icon-opened\"><i class=\"fas fa-minus\"><\/i><\/span>\n\t\t\t\t\t\t\t\t\t\t\t\t\t\t<\/span>\n\t\t\t\t\t\t\t\t\t\t\t\t<a class=\"elementor-accordion-title\" tabindex=\"0\">Die Pandemie hat uns wieder fest im Griff\u2026.<\/a>\n\t\t\t\t\t<\/h4>\n\t\t\t\t\t<div id=\"elementor-tab-content-2167\" class=\"elementor-tab-content elementor-clearfix\" data-tab=\"7\" role=\"region\" aria-labelledby=\"elementor-tab-title-2167\"><h4>Liebe Freunde des Angelsports,<\/h4><h4>Aufgrund der aktuellen Situation rund um das Coronavirus haben wir uns dazu entschieden, alle Vereinsveranstaltungen bis zum Jahresende 2021 abzusagen!<\/h4><h4>Wie es im Januar mit Gemeinschaftsveranstaltungen weitergeht, bleibt vorerst abzuwarten. Wir werden euch hier, an dieser Stelle, weiterhin informieren.<\/h4><\/div>\n\t\t\t\t<\/div>\n\t\t\t\t\t\t\t<div class=\"elementor-accordion-item\">\n\t\t\t\t\t<h4 id=\"elementor-tab-title-2168\" class=\"elementor-tab-title\" data-tab=\"8\" role=\"button\" aria-controls=\"elementor-tab-content-2168\" aria-expanded=\"false\">\n\t\t\t\t\t\t\t\t\t\t\t\t\t<span class=\"elementor-accordion-icon elementor-accordion-icon-left\" aria-hidden=\"true\">\n\t\t\t\t\t\t\t\t\t\t\t\t\t\t\t<span class=\"elementor-accordion-icon-closed\"><i class=\"fas fa-plus\"><\/i><\/span>\n\t\t\t\t\t\t\t\t<span class=\"elementor-accordion-icon-opened\"><i class=\"fas fa-minus\"><\/i><\/span>\n\t\t\t\t\t\t\t\t\t\t\t\t\t\t<\/span>\n\t\t\t\t\t\t\t\t\t\t\t\t<a class=\"elementor-accordion-title\" tabindex=\"0\">Vereinsrekord eingestellt!<\/a>\n\t\t\t\t\t<\/h4>\n\t\t\t\t\t<div id=\"elementor-tab-content-2168\" class=\"elementor-tab-content elementor-clearfix\" data-tab=\"8\" role=\"region\" aria-labelledby=\"elementor-tab-title-2168\"><h3><img loading=\"lazy\" decoding=\"async\" class=\"\" src=\"https:\/\/www.fischereiverein-muehlhausen.de\/wp-content\/uploads\/2021\/08\/Waller2-min-1024x576.jpg\" width=\"501\" height=\"282\" \/><img loading=\"lazy\" decoding=\"async\" class=\"\" style=\"font-size: 16px;\" src=\"https:\/\/www.fischereiverein-muehlhausen.de\/wp-content\/uploads\/2021\/08\/Waller4-min-1024x576.jpg\" width=\"501\" height=\"282\" \/><\/h3><h3>Dass auch in kleinen Fl\u00fcssen noch gro\u00dfe Fische leben, bewies Florian Pickel in der Nacht zum\u00a0 14 August 2021.<\/h3><h4>Der alte Vereinsrekord war ebenfalls ein Waller mit 130cm und 15Kg. Dieser wurde jedoch nicht mit der Angel gefangen, sondern bei einer Bestandskontrolle durch den Fischereiverband Mittelfranken im Rahmen eines Elektrofischens am 17. September 2014 unserem Gew\u00e4sser entnommen.<\/h4><h3>Rekordfisch : Waller<br \/>L\u00e4nge : 133 cm<br \/>Gewicht : 15,64 Kg<\/h3><p><img loading=\"lazy\" decoding=\"async\" class=\"alignleft\" src=\"https:\/\/www.fischereiverein-muehlhausen.de\/wp-content\/uploads\/2021\/08\/Waller3-min-1024x576.jpg\" width=\"556\" height=\"313\" \/><\/p><h3><strong><br \/>Der gr\u00f6\u00dfte Fisch in der Vereinsgeschichte!<\/strong><\/h3><\/div>\n\t\t\t\t<\/div>\n\t\t\t\t\t\t\t<div class=\"elementor-accordion-item\">\n\t\t\t\t\t<h4 id=\"elementor-tab-title-2169\" class=\"elementor-tab-title\" data-tab=\"9\" role=\"button\" aria-controls=\"elementor-tab-content-2169\" aria-expanded=\"false\">\n\t\t\t\t\t\t\t\t\t\t\t\t\t<span class=\"elementor-accordion-icon elementor-accordion-icon-left\" aria-hidden=\"true\">\n\t\t\t\t\t\t\t\t\t\t\t\t\t\t\t<span class=\"elementor-accordion-icon-closed\"><i class=\"fas fa-plus\"><\/i><\/span>\n\t\t\t\t\t\t\t\t<span class=\"elementor-accordion-icon-opened\"><i class=\"fas fa-minus\"><\/i><\/span>\n\t\t\t\t\t\t\t\t\t\t\t\t\t\t<\/span>\n\t\t\t\t\t\t\t\t\t\t\t\t<a class=\"elementor-accordion-title\" tabindex=\"0\">Mitgliederversammlung 2021 !!! ABGESAGT !!!<\/a>\n\t\t\t\t\t<\/h4>\n\t\t\t\t\t<div id=\"elementor-tab-content-2169\" class=\"elementor-tab-content elementor-clearfix\" data-tab=\"9\" role=\"region\" aria-labelledby=\"elementor-tab-title-2169\"><h4><strong>ACHTUNG!<\/strong><\/h4><h4>Die diesj\u00e4hrige Mitgliederversammlung wird aufgrund der aktuellen Entwicklungen rund um die Ausbreitung des Corona-Virus abgesagt und auf unbestimmte Zeit verschoben.<\/h4><h4>Unsere Mitglieder werden wie gewohnt \u00fcber den neuen Termin unserer Mitgliederversammlung informiert, sobald dieser feststeht.<\/h4><h4>Eine Einladung folgt.<\/h4><\/div>\n\t\t\t\t<\/div>\n\t\t\t\t\t\t\t<div class=\"elementor-accordion-item\">\n\t\t\t\t\t<h4 id=\"elementor-tab-title-21610\" class=\"elementor-tab-title\" data-tab=\"10\" role=\"button\" aria-controls=\"elementor-tab-content-21610\" aria-expanded=\"false\">\n\t\t\t\t\t\t\t\t\t\t\t\t\t<span class=\"elementor-accordion-icon elementor-accordion-icon-left\" aria-hidden=\"true\">\n\t\t\t\t\t\t\t\t\t\t\t\t\t\t\t<span class=\"elementor-accordion-icon-closed\"><i class=\"fas fa-plus\"><\/i><\/span>\n\t\t\t\t\t\t\t\t<span class=\"elementor-accordion-icon-opened\"><i class=\"fas fa-minus\"><\/i><\/span>\n\t\t\t\t\t\t\t\t\t\t\t\t\t\t<\/span>\n\t\t\t\t\t\t\t\t\t\t\t\t<a class=\"elementor-accordion-title\" tabindex=\"0\">Frohe Weihnachten und besinnliche Feiertage<\/a>\n\t\t\t\t\t<\/h4>\n\t\t\t\t\t<div id=\"elementor-tab-content-21610\" class=\"elementor-tab-content elementor-clearfix\" data-tab=\"10\" role=\"region\" aria-labelledby=\"elementor-tab-title-21610\"><h4>Der Fischereiverein M\u00fchlhausen w\u00fcnscht Ihnen und Ihren Angeh\u00f6rigen frohe Festtage und alles Gute im neuen Jahr 2021!<\/h4><h4>Bleiben Sie gesund!<\/h4><\/div>\n\t\t\t\t<\/div>\n\t\t\t\t\t\t\t<div class=\"elementor-accordion-item\">\n\t\t\t\t\t<h4 id=\"elementor-tab-title-21611\" class=\"elementor-tab-title\" data-tab=\"11\" role=\"button\" aria-controls=\"elementor-tab-content-21611\" aria-expanded=\"false\">\n\t\t\t\t\t\t\t\t\t\t\t\t\t<span class=\"elementor-accordion-icon elementor-accordion-icon-left\" aria-hidden=\"true\">\n\t\t\t\t\t\t\t\t\t\t\t\t\t\t\t<span class=\"elementor-accordion-icon-closed\"><i class=\"fas fa-plus\"><\/i><\/span>\n\t\t\t\t\t\t\t\t<span class=\"elementor-accordion-icon-opened\"><i class=\"fas fa-minus\"><\/i><\/span>\n\t\t\t\t\t\t\t\t\t\t\t\t\t\t<\/span>\n\t\t\t\t\t\t\t\t\t\t\t\t<a class=\"elementor-accordion-title\" tabindex=\"0\">Aufhebung des Angelverbotes<\/a>\n\t\t\t\t\t<\/h4>\n\t\t\t\t\t<div id=\"elementor-tab-content-21611\" class=\"elementor-tab-content elementor-clearfix\" data-tab=\"11\" role=\"region\" aria-labelledby=\"elementor-tab-title-21611\"><h4>Das Angelverbot f\u00fcr die Reiche Ebrach ist ab sofort wieder aufgehoben. Tageserlaubnisscheine werden wie gewohnt an unsere Mitglieder ausgegeben.\u00a0<\/h4><\/div>\n\t\t\t\t<\/div>\n\t\t\t\t\t\t\t<div class=\"elementor-accordion-item\">\n\t\t\t\t\t<h4 id=\"elementor-tab-title-21612\" class=\"elementor-tab-title\" data-tab=\"12\" role=\"button\" aria-controls=\"elementor-tab-content-21612\" aria-expanded=\"false\">\n\t\t\t\t\t\t\t\t\t\t\t\t\t<span class=\"elementor-accordion-icon elementor-accordion-icon-left\" aria-hidden=\"true\">\n\t\t\t\t\t\t\t\t\t\t\t\t\t\t\t<span class=\"elementor-accordion-icon-closed\"><i class=\"fas fa-plus\"><\/i><\/span>\n\t\t\t\t\t\t\t\t<span class=\"elementor-accordion-icon-opened\"><i class=\"fas fa-minus\"><\/i><\/span>\n\t\t\t\t\t\t\t\t\t\t\t\t\t\t<\/span>\n\t\t\t\t\t\t\t\t\t\t\t\t<a class=\"elementor-accordion-title\" tabindex=\"0\">Angelverbot Reiche Ebrach<\/a>\n\t\t\t\t\t<\/h4>\n\t\t\t\t\t<div id=\"elementor-tab-content-21612\" class=\"elementor-tab-content elementor-clearfix\" data-tab=\"12\" role=\"region\" aria-labelledby=\"elementor-tab-title-21612\"><h4><strong>\u00a0 \u00a0 \u00a0 \u00a0 \u00a0 \u00a0 \u00a0 \u00a0 \u00a0 \u00a0 \u00a0 \u00a0 \u00a0 \u00a0 \u00a0 \u00a0 \u00a0 \u00a0 \u00a0 \u00a0 \u00a0 \u00a0 \u00a0 \u00a0 \u00a0 \u00a0 \u00a0 \u00a0 \u00a0 \u00a0 \u00a0 \u00a0 \u00a0 \u00a0 \u00a0 \u00a0 \u00a0 \u00a0 \u00a0 \u00a0 \u00a0 \u00a0 \u00a0 \u00a0 Bitte beachten!<\/strong><\/h4><h4>\u00a0 \u00a0 \u00a0 \u00a0 \u00a0 \u00a0 \u00a0 \u00a0 \u00a0 \u00a0 \u00a0 \u00a0 \u00a0 \u00a0 \u00a0 \u00a0 \u00a0 \u00a0 \u00a0 \u00a0 \u00a0 \u00a0 \u00a0 \u00a0 \u00a0 \u00a0 \u00a0 \u00a0 \u00a0 \u00a0 \u00a0 \u00a0 \u00a0 \u00a0 \u00a0 \u00a0 \u00a0 \u00a0 \u00a0 \u00a0 \u00a0 \u00a0 \u00a0 \u00a0 \u00a0 \u00a0 \u00a0 \u00a0 \u00a0 \u00a0 \u00a0 \u00a0 \u00a0 \u00a0 \u00a0 \u00a0 \u00a0 \u00a0 \u00a0 \u00a0 \u00a0 \u00a0 \u00a0 \u00a0 \u00a0 \u00a0 \u00a0 \u00a0 \u00a0 \u00a0 \u00a0 \u00a0 \u00a0 \u00a0 \u00a0 \u00a0 \u00a0 \u00a0 \u00a0 \u00a0 \u00a0 \u00a0 \u00a0 \u00a0 \u00a0 \u00a0 \u00a0 \u00a0 \u00a0 \u00a0 \u00a0 \u00a0<\/h4><h4>Ab sofort gilt f\u00fcr die Reiche Ebrach von Amtswegen ein Angelverbot. Der Verkauf von Tageserlaubnisscheinen ist bis auf weiteres eingestellt. \u00c4nderungen werden schnellstm\u00f6glich bekannt gegeben.<\/h4><\/div>\n\t\t\t\t<\/div>\n\t\t\t\t\t\t\t<div class=\"elementor-accordion-item\">\n\t\t\t\t\t<h4 id=\"elementor-tab-title-21613\" class=\"elementor-tab-title\" data-tab=\"13\" role=\"button\" aria-controls=\"elementor-tab-content-21613\" aria-expanded=\"false\">\n\t\t\t\t\t\t\t\t\t\t\t\t\t<span class=\"elementor-accordion-icon elementor-accordion-icon-left\" aria-hidden=\"true\">\n\t\t\t\t\t\t\t\t\t\t\t\t\t\t\t<span class=\"elementor-accordion-icon-closed\"><i class=\"fas fa-plus\"><\/i><\/span>\n\t\t\t\t\t\t\t\t<span class=\"elementor-accordion-icon-opened\"><i class=\"fas fa-minus\"><\/i><\/span>\n\t\t\t\t\t\t\t\t\t\t\t\t\t\t<\/span>\n\t\t\t\t\t\t\t\t\t\t\t\t<a class=\"elementor-accordion-title\" tabindex=\"0\">Tageserlaubnisscheine<\/a>\n\t\t\t\t\t<\/h4>\n\t\t\t\t\t<div id=\"elementor-tab-content-21613\" class=\"elementor-tab-content elementor-clearfix\" data-tab=\"13\" role=\"region\" aria-labelledby=\"elementor-tab-title-21613\"><h4>Die Abgabe von Tageserlaubnisscheinen an unsere Mitglieder ist ab sofort wieder m\u00f6glich.<\/h4><\/div>\n\t\t\t\t<\/div>\n\t\t\t\t\t\t\t<div class=\"elementor-accordion-item\">\n\t\t\t\t\t<h4 id=\"elementor-tab-title-21614\" class=\"elementor-tab-title\" data-tab=\"14\" role=\"button\" aria-controls=\"elementor-tab-content-21614\" aria-expanded=\"false\">\n\t\t\t\t\t\t\t\t\t\t\t\t\t<span class=\"elementor-accordion-icon elementor-accordion-icon-left\" aria-hidden=\"true\">\n\t\t\t\t\t\t\t\t\t\t\t\t\t\t\t<span class=\"elementor-accordion-icon-closed\"><i class=\"fas fa-plus\"><\/i><\/span>\n\t\t\t\t\t\t\t\t<span class=\"elementor-accordion-icon-opened\"><i class=\"fas fa-minus\"><\/i><\/span>\n\t\t\t\t\t\t\t\t\t\t\t\t\t\t<\/span>\n\t\t\t\t\t\t\t\t\t\t\t\t<a class=\"elementor-accordion-title\" tabindex=\"0\">Absage der Veranstaltungen f\u00fcr 2020 COVID-19 (Coronavirus).<\/a>\n\t\t\t\t\t<\/h4>\n\t\t\t\t\t<div id=\"elementor-tab-content-21614\" class=\"elementor-tab-content elementor-clearfix\" data-tab=\"14\" role=\"region\" aria-labelledby=\"elementor-tab-title-21614\"><h4>Aufgrund der allgemeinen Lage werden alle Veranstaltungen und Aktivit\u00e4ten ausnahmslos bis auf weiteres abgesagt, die Abgabe von Tageserlaubnisscheinen werden eingestellt.<\/h4><\/div>\n\t\t\t\t<\/div>\n\t\t\t\t\t\t\t<div class=\"elementor-accordion-item\">\n\t\t\t\t\t<h4 id=\"elementor-tab-title-21615\" class=\"elementor-tab-title\" data-tab=\"15\" role=\"button\" aria-controls=\"elementor-tab-content-21615\" aria-expanded=\"false\">\n\t\t\t\t\t\t\t\t\t\t\t\t\t<span class=\"elementor-accordion-icon elementor-accordion-icon-left\" aria-hidden=\"true\">\n\t\t\t\t\t\t\t\t\t\t\t\t\t\t\t<span class=\"elementor-accordion-icon-closed\"><i class=\"fas fa-plus\"><\/i><\/span>\n\t\t\t\t\t\t\t\t<span class=\"elementor-accordion-icon-opened\"><i class=\"fas fa-minus\"><\/i><\/span>\n\t\t\t\t\t\t\t\t\t\t\t\t\t\t<\/span>\n\t\t\t\t\t\t\t\t\t\t\t\t<a class=\"elementor-accordion-title\" tabindex=\"0\">Jahreshauptversammlung mit Neuwahlen.<\/a>\n\t\t\t\t\t<\/h4>\n\t\t\t\t\t<div id=\"elementor-tab-content-21615\" class=\"elementor-tab-content elementor-clearfix\" data-tab=\"15\" role=\"region\" aria-labelledby=\"elementor-tab-title-21615\"><h4 class=\"tiny_p\">Bei unserer diesj\u00e4hrigen Jahreshauptversammlung am 14.03.2020 wurde folgende Vorstandschaft gew\u00e4hlt:\u00a0<\/h4><h4><strong>1. Vorstand:<\/strong> Werner Pickel<\/h4><h4><strong>2. Vorstand:<\/strong> Hans-J\u00fcrgen Holler<\/h4><h4><strong>Kassier:<\/strong> Andrea Pickel<\/h4><h4><strong>Schriftf\u00fchrer:<\/strong> Nico Tr\u00e4nkenschuh\u00a0<\/h4><h4><strong>Jugendleiter:<\/strong> Ludwig Kaim<\/h4><h4><strong>Gew\u00e4sserwart:<\/strong> Uwe Geyer<\/h4><h4><strong>Beisitzer:<\/strong> Marco Pechthold, Stefan Roth<\/h4><h4><strong>Kassenpr\u00fcfer:<\/strong> J\u00fcrgen Christian, Ralf Geyer, Thomas Schemm<\/h4><\/div>\n\t\t\t\t<\/div>\n\t\t\t\t\t\t\t<div class=\"elementor-accordion-item\">\n\t\t\t\t\t<h4 id=\"elementor-tab-title-21616\" class=\"elementor-tab-title\" data-tab=\"16\" role=\"button\" aria-controls=\"elementor-tab-content-21616\" aria-expanded=\"false\">\n\t\t\t\t\t\t\t\t\t\t\t\t\t<span class=\"elementor-accordion-icon elementor-accordion-icon-left\" aria-hidden=\"true\">\n\t\t\t\t\t\t\t\t\t\t\t\t\t\t\t<span class=\"elementor-accordion-icon-closed\"><i class=\"fas fa-plus\"><\/i><\/span>\n\t\t\t\t\t\t\t\t<span class=\"elementor-accordion-icon-opened\"><i class=\"fas fa-minus\"><\/i><\/span>\n\t\t\t\t\t\t\t\t\t\t\t\t\t\t<\/span>\n\t\t\t\t\t\t\t\t\t\t\t\t<a class=\"elementor-accordion-title\" tabindex=\"0\">Ger\u00e4ucherte Forellen und Saiblinge am Gr\u00fcndonnerstag. !!! ABGESAGT !!!<\/a>\n\t\t\t\t\t<\/h4>\n\t\t\t\t\t<div id=\"elementor-tab-content-21616\" class=\"elementor-tab-content elementor-clearfix\" data-tab=\"16\" role=\"region\" aria-labelledby=\"elementor-tab-title-21616\"><h4>Der Fischereiverein 1986 e.V. veranstaltet das Forellen und Saibling R\u00e4uchern am Vereinsheim M\u00fchlhausen.<\/h4><h4>Bestellungen k\u00f6nnen auch \u00fcber das Kontaktformular aufgegeben werden.<\/h4><h3><img decoding=\"async\" src=\"https:\/\/www.fischereiverein-muehlhausen.de\/wp-content\/uploads\/2020\/03\/Unbenannt.jpg\" \/>\u00a0 \u00a0 \u00a0 \u00a0 \u00a0 \u00a0 \u00a0<span style=\"text-decoration: underline;\"> !!!Forellen und Saibling R\u00e4uchern wird abgesagt!!!\u00a0<\/span><\/h3><\/div>\n\t\t\t\t<\/div>\n\t\t\t\t\t\t\t<div class=\"elementor-accordion-item\">\n\t\t\t\t\t<h4 id=\"elementor-tab-title-21617\" class=\"elementor-tab-title\" data-tab=\"17\" role=\"button\" aria-controls=\"elementor-tab-content-21617\" aria-expanded=\"false\">\n\t\t\t\t\t\t\t\t\t\t\t\t\t<span class=\"elementor-accordion-icon elementor-accordion-icon-left\" aria-hidden=\"true\">\n\t\t\t\t\t\t\t\t\t\t\t\t\t\t\t<span class=\"elementor-accordion-icon-closed\"><i class=\"fas fa-plus\"><\/i><\/span>\n\t\t\t\t\t\t\t\t<span class=\"elementor-accordion-icon-opened\"><i class=\"fas fa-minus\"><\/i><\/span>\n\t\t\t\t\t\t\t\t\t\t\t\t\t\t<\/span>\n\t\t\t\t\t\t\t\t\t\t\t\t<a class=\"elementor-accordion-title\" tabindex=\"0\">Veranstaltungen f\u00fcr das Jahr 2020 jetzt Online.<\/a>\n\t\t\t\t\t<\/h4>\n\t\t\t\t\t<div id=\"elementor-tab-content-21617\" class=\"elementor-tab-content elementor-clearfix\" data-tab=\"17\" role=\"region\" aria-labelledby=\"elementor-tab-title-21617\"><p><span style=\"color: inherit; font-size: 18px; font-weight: 500;\">Der Fischereiverein M\u00fchlhausen freut sich \u00fcber die Ver\u00f6ffentlichung der <a href=\"https:\/\/www.fischereiverein-muehlhausen.de\/?post_type=tribe_events\">Veranstaltungen<\/a>\u00a02020.<\/span><\/p><\/div>\n\t\t\t\t<\/div>\n\t\t\t\t\t\t\t\t<\/div>\n\t\t\t\t\t\t<\/div>\n\t\t\t\t<\/div>\n\t\t\t\t\t<\/div>\n\t\t<\/div>\n\t\t\t\t\t<\/div>\n\t\t<\/section>\n\t\t\t\t<section class=\"elementor-section elementor-top-section elementor-element elementor-element-e9be9e6 elementor-section-boxed elementor-section-height-default elementor-section-height-default\" data-id=\"e9be9e6\" data-element_type=\"section\" data-e-type=\"section\">\n\t\t\t\t\t\t<div class=\"elementor-container elementor-column-gap-default\">\n\t\t\t\t\t<div class=\"elementor-column elementor-col-100 elementor-top-column elementor-element elementor-element-aa6d393\" data-id=\"aa6d393\" data-element_type=\"column\" data-e-type=\"column\">\n\t\t\t<div class=\"elementor-widget-wrap elementor-element-populated\">\n\t\t\t\t\t\t<div class=\"elementor-element elementor-element-f674a94 elementor-widget elementor-widget-spacer\" data-id=\"f674a94\" data-element_type=\"widget\" data-e-type=\"widget\" data-widget_type=\"spacer.default\">\n\t\t\t\t<div class=\"elementor-widget-container\">\n\t\t\t\t\t\t\t<div class=\"elementor-spacer\">\n\t\t\t<div class=\"elementor-spacer-inner\"><\/div>\n\t\t<\/div>\n\t\t\t\t\t\t<\/div>\n\t\t\t\t<\/div>\n\t\t\t\t\t<\/div>\n\t\t<\/div>\n\t\t\t\t\t<\/div>\n\t\t<\/section>\n\t\t\t\t<\/div>\n\t\t","protected":false},"excerpt":{"rendered":"<p>Forellen und Saibling am 02.04.2026 Der Fischereiverein 1986 e.V. veranstaltet das Forellen und Saibling R\u00e4uchern am Donnerstag 02.04.2026 ab 17:00 Uhr am Vereinsheim M\u00fchlhausen.Bestellungen k\u00f6nnen auch \u00fcber das Kontaktformular aufgegeben [&hellip;]<\/p>\n","protected":false},"author":2,"featured_media":0,"parent":0,"menu_order":0,"comment_status":"closed","ping_status":"open","template":"elementor_header_footer","meta":{"footnotes":""},"class_list":["post-286","page","type-page","status-publish","hentry"],"yoast_head":"<!-- This site is optimized with the Yoast SEO plugin v27.5 - https:\/\/yoast.com\/product\/yoast-seo-wordpress\/ -->\n<title>News - Fischereiverein Muehlhausen<\/title>\n<meta name=\"robots\" content=\"index, follow, max-snippet:-1, max-image-preview:large, max-video-preview:-1\" \/>\n<link rel=\"canonical\" href=\"https:\/\/www.fischereiverein-muehlhausen.de\/\" \/>\n<meta property=\"og:locale\" content=\"de_DE\" \/>\n<meta property=\"og:type\" content=\"article\" \/>\n<meta property=\"og:title\" content=\"News - Fischereiverein Muehlhausen\" \/>\n<meta property=\"og:description\" content=\"Forellen und Saibling am 02.04.2026 Der Fischereiverein 1986 e.V. veranstaltet das Forellen und Saibling R\u00e4uchern am Donnerstag 02.04.2026 ab 17:00 Uhr am Vereinsheim M\u00fchlhausen.Bestellungen k\u00f6nnen auch \u00fcber das Kontaktformular aufgegeben [&hellip;]\" \/>\n<meta property=\"og:url\" content=\"https:\/\/www.fischereiverein-muehlhausen.de\/\" \/>\n<meta property=\"og:site_name\" content=\"Fischereiverein Muehlhausen\" \/>\n<meta property=\"article:modified_time\" content=\"2026-03-16T19:07:12+00:00\" \/>\n<meta property=\"og:image\" content=\"https:\/\/www.fischereiverein-muehlhausen.de\/wp-content\/uploads\/2026\/03\/Plakat_Forellenraeuchern2026_04_02-scaled.jpg\" \/>\n\t<meta property=\"og:image:width\" content=\"1810\" \/>\n\t<meta property=\"og:image:height\" content=\"2560\" \/>\n\t<meta property=\"og:image:type\" content=\"image\/jpeg\" \/>\n<meta name=\"twitter:card\" content=\"summary_large_image\" \/>\n<meta name=\"twitter:label1\" content=\"Gesch\u00e4tzte Lesezeit\" \/>\n\t<meta name=\"twitter:data1\" content=\"6\u00a0Minuten\" \/>\n<script type=\"application\/ld+json\" class=\"yoast-schema-graph\">{\"@context\":\"https:\\\/\\\/schema.org\",\"@graph\":[{\"@type\":\"WebPage\",\"@id\":\"https:\\\/\\\/www.fischereiverein-muehlhausen.de\\\/\",\"url\":\"https:\\\/\\\/www.fischereiverein-muehlhausen.de\\\/\",\"name\":\"News - Fischereiverein Muehlhausen\",\"isPartOf\":{\"@id\":\"https:\\\/\\\/www.fischereiverein-muehlhausen.de\\\/#website\"},\"primaryImageOfPage\":{\"@id\":\"https:\\\/\\\/www.fischereiverein-muehlhausen.de\\\/#primaryimage\"},\"image\":{\"@id\":\"https:\\\/\\\/www.fischereiverein-muehlhausen.de\\\/#primaryimage\"},\"thumbnailUrl\":\"https:\\\/\\\/www.fischereiverein-muehlhausen.de\\\/wp-content\\\/uploads\\\/2026\\\/03\\\/Plakat_Forellenraeuchern2026_04_02-212x300.jpg\",\"datePublished\":\"2019-05-04T18:32:16+00:00\",\"dateModified\":\"2026-03-16T19:07:12+00:00\",\"breadcrumb\":{\"@id\":\"https:\\\/\\\/www.fischereiverein-muehlhausen.de\\\/#breadcrumb\"},\"inLanguage\":\"de\",\"potentialAction\":[{\"@type\":\"ReadAction\",\"target\":[\"https:\\\/\\\/www.fischereiverein-muehlhausen.de\\\/\"]}]},{\"@type\":\"ImageObject\",\"inLanguage\":\"de\",\"@id\":\"https:\\\/\\\/www.fischereiverein-muehlhausen.de\\\/#primaryimage\",\"url\":\"https:\\\/\\\/www.fischereiverein-muehlhausen.de\\\/wp-content\\\/uploads\\\/2026\\\/03\\\/Plakat_Forellenraeuchern2026_04_02-scaled.jpg\",\"contentUrl\":\"https:\\\/\\\/www.fischereiverein-muehlhausen.de\\\/wp-content\\\/uploads\\\/2026\\\/03\\\/Plakat_Forellenraeuchern2026_04_02-scaled.jpg\",\"width\":1810,\"height\":2560},{\"@type\":\"BreadcrumbList\",\"@id\":\"https:\\\/\\\/www.fischereiverein-muehlhausen.de\\\/#breadcrumb\",\"itemListElement\":[{\"@type\":\"ListItem\",\"position\":1,\"name\":\"Home\",\"item\":\"https:\\\/\\\/www.fischereiverein-muehlhausen.de\\\/\"},{\"@type\":\"ListItem\",\"position\":2,\"name\":\"News\"}]},{\"@type\":\"WebSite\",\"@id\":\"https:\\\/\\\/www.fischereiverein-muehlhausen.de\\\/#website\",\"url\":\"https:\\\/\\\/www.fischereiverein-muehlhausen.de\\\/\",\"name\":\"Fischereiverein Muehlhausen\",\"description\":\"\",\"publisher\":{\"@id\":\"https:\\\/\\\/www.fischereiverein-muehlhausen.de\\\/#organization\"},\"potentialAction\":[{\"@type\":\"SearchAction\",\"target\":{\"@type\":\"EntryPoint\",\"urlTemplate\":\"https:\\\/\\\/www.fischereiverein-muehlhausen.de\\\/?s={search_term_string}\"},\"query-input\":{\"@type\":\"PropertyValueSpecification\",\"valueRequired\":true,\"valueName\":\"search_term_string\"}}],\"inLanguage\":\"de\"},{\"@type\":\"Organization\",\"@id\":\"https:\\\/\\\/www.fischereiverein-muehlhausen.de\\\/#organization\",\"name\":\"Fischereiverein Muehlhausen\",\"url\":\"https:\\\/\\\/www.fischereiverein-muehlhausen.de\\\/\",\"logo\":{\"@type\":\"ImageObject\",\"inLanguage\":\"de\",\"@id\":\"https:\\\/\\\/www.fischereiverein-muehlhausen.de\\\/#\\\/schema\\\/logo\\\/image\\\/\",\"url\":\"https:\\\/\\\/www.fischereiverein-muehlhausen.de\\\/wp-content\\\/uploads\\\/2019\\\/12\\\/Logo-grau3_transparent.png\",\"contentUrl\":\"https:\\\/\\\/www.fischereiverein-muehlhausen.de\\\/wp-content\\\/uploads\\\/2019\\\/12\\\/Logo-grau3_transparent.png\",\"width\":1024,\"height\":1005,\"caption\":\"Fischereiverein Muehlhausen\"},\"image\":{\"@id\":\"https:\\\/\\\/www.fischereiverein-muehlhausen.de\\\/#\\\/schema\\\/logo\\\/image\\\/\"}}]}<\/script>\n<!-- \/ Yoast SEO plugin. -->","yoast_head_json":{"title":"News - Fischereiverein Muehlhausen","robots":{"index":"index","follow":"follow","max-snippet":"max-snippet:-1","max-image-preview":"max-image-preview:large","max-video-preview":"max-video-preview:-1"},"canonical":"https:\/\/www.fischereiverein-muehlhausen.de\/","og_locale":"de_DE","og_type":"article","og_title":"News - Fischereiverein Muehlhausen","og_description":"Forellen und Saibling am 02.04.2026 Der Fischereiverein 1986 e.V. veranstaltet das Forellen und Saibling R\u00e4uchern am Donnerstag 02.04.2026 ab 17:00 Uhr am Vereinsheim M\u00fchlhausen.Bestellungen k\u00f6nnen auch \u00fcber das Kontaktformular aufgegeben [&hellip;]","og_url":"https:\/\/www.fischereiverein-muehlhausen.de\/","og_site_name":"Fischereiverein Muehlhausen","article_modified_time":"2026-03-16T19:07:12+00:00","og_image":[{"width":1810,"height":2560,"url":"https:\/\/www.fischereiverein-muehlhausen.de\/wp-content\/uploads\/2026\/03\/Plakat_Forellenraeuchern2026_04_02-scaled.jpg","type":"image\/jpeg"}],"twitter_card":"summary_large_image","twitter_misc":{"Gesch\u00e4tzte Lesezeit":"6\u00a0Minuten"},"schema":{"@context":"https:\/\/schema.org","@graph":[{"@type":"WebPage","@id":"https:\/\/www.fischereiverein-muehlhausen.de\/","url":"https:\/\/www.fischereiverein-muehlhausen.de\/","name":"News - Fischereiverein Muehlhausen","isPartOf":{"@id":"https:\/\/www.fischereiverein-muehlhausen.de\/#website"},"primaryImageOfPage":{"@id":"https:\/\/www.fischereiverein-muehlhausen.de\/#primaryimage"},"image":{"@id":"https:\/\/www.fischereiverein-muehlhausen.de\/#primaryimage"},"thumbnailUrl":"https:\/\/www.fischereiverein-muehlhausen.de\/wp-content\/uploads\/2026\/03\/Plakat_Forellenraeuchern2026_04_02-212x300.jpg","datePublished":"2019-05-04T18:32:16+00:00","dateModified":"2026-03-16T19:07:12+00:00","breadcrumb":{"@id":"https:\/\/www.fischereiverein-muehlhausen.de\/#breadcrumb"},"inLanguage":"de","potentialAction":[{"@type":"ReadAction","target":["https:\/\/www.fischereiverein-muehlhausen.de\/"]}]},{"@type":"ImageObject","inLanguage":"de","@id":"https:\/\/www.fischereiverein-muehlhausen.de\/#primaryimage","url":"https:\/\/www.fischereiverein-muehlhausen.de\/wp-content\/uploads\/2026\/03\/Plakat_Forellenraeuchern2026_04_02-scaled.jpg","contentUrl":"https:\/\/www.fischereiverein-muehlhausen.de\/wp-content\/uploads\/2026\/03\/Plakat_Forellenraeuchern2026_04_02-scaled.jpg","width":1810,"height":2560},{"@type":"BreadcrumbList","@id":"https:\/\/www.fischereiverein-muehlhausen.de\/#breadcrumb","itemListElement":[{"@type":"ListItem","position":1,"name":"Home","item":"https:\/\/www.fischereiverein-muehlhausen.de\/"},{"@type":"ListItem","position":2,"name":"News"}]},{"@type":"WebSite","@id":"https:\/\/www.fischereiverein-muehlhausen.de\/#website","url":"https:\/\/www.fischereiverein-muehlhausen.de\/","name":"Fischereiverein Muehlhausen","description":"","publisher":{"@id":"https:\/\/www.fischereiverein-muehlhausen.de\/#organization"},"potentialAction":[{"@type":"SearchAction","target":{"@type":"EntryPoint","urlTemplate":"https:\/\/www.fischereiverein-muehlhausen.de\/?s={search_term_string}"},"query-input":{"@type":"PropertyValueSpecification","valueRequired":true,"valueName":"search_term_string"}}],"inLanguage":"de"},{"@type":"Organization","@id":"https:\/\/www.fischereiverein-muehlhausen.de\/#organization","name":"Fischereiverein Muehlhausen","url":"https:\/\/www.fischereiverein-muehlhausen.de\/","logo":{"@type":"ImageObject","inLanguage":"de","@id":"https:\/\/www.fischereiverein-muehlhausen.de\/#\/schema\/logo\/image\/","url":"https:\/\/www.fischereiverein-muehlhausen.de\/wp-content\/uploads\/2019\/12\/Logo-grau3_transparent.png","contentUrl":"https:\/\/www.fischereiverein-muehlhausen.de\/wp-content\/uploads\/2019\/12\/Logo-grau3_transparent.png","width":1024,"height":1005,"caption":"Fischereiverein Muehlhausen"},"image":{"@id":"https:\/\/www.fischereiverein-muehlhausen.de\/#\/schema\/logo\/image\/"}}]}},"_links":{"self":[{"href":"https:\/\/www.fischereiverein-muehlhausen.de\/index.php?rest_route=\/wp\/v2\/pages\/286","targetHints":{"allow":["GET"]}}],"collection":[{"href":"https:\/\/www.fischereiverein-muehlhausen.de\/index.php?rest_route=\/wp\/v2\/pages"}],"about":[{"href":"https:\/\/www.fischereiverein-muehlhausen.de\/index.php?rest_route=\/wp\/v2\/types\/page"}],"author":[{"embeddable":true,"href":"https:\/\/www.fischereiverein-muehlhausen.de\/index.php?rest_route=\/wp\/v2\/users\/2"}],"replies":[{"embeddable":true,"href":"https:\/\/www.fischereiverein-muehlhausen.de\/index.php?rest_route=%2Fwp%2Fv2%2Fcomments&post=286"}],"version-history":[{"count":24,"href":"https:\/\/www.fischereiverein-muehlhausen.de\/index.php?rest_route=\/wp\/v2\/pages\/286\/revisions"}],"predecessor-version":[{"id":57739,"href":"https:\/\/www.fischereiverein-muehlhausen.de\/index.php?rest_route=\/wp\/v2\/pages\/286\/revisions\/57739"}],"wp:attachment":[{"href":"https:\/\/www.fischereiverein-muehlhausen.de\/index.php?rest_route=%2Fwp%2Fv2%2Fmedia&parent=286"}],"curies":[{"name":"wp","href":"https:\/\/api.w.org\/{rel}","templated":true}]}}